{"id":592,"date":"2025-03-11T12:48:21","date_gmt":"2025-03-11T12:48:21","guid":{"rendered":"https:\/\/scuolaitaliana.cz\/?page_id=592"},"modified":"2026-01-29T14:13:24","modified_gmt":"2026-01-29T14:13:24","slug":"novinky","status":"publish","type":"page","link":"https:\/\/scuolaitaliana.cz\/it\/novinky\/","title":{"rendered":"Novit\u00e0"},"content":{"rendered":"<div data-elementor-type=\"wp-page\" data-elementor-id=\"592\" class=\"elementor elementor-592\" data-elementor-post-type=\"page\">\n\t\t\t\t<div class=\"elementor-element elementor-element-dd95064 e-flex e-con-boxed e-con e-parent\" data-id=\"dd95064\" data-element_type=\"container\" data-settings=\"{&quot;background_background&quot;:&quot;classic&quot;}\">\n\t\t\t\t\t<div class=\"e-con-inner\">\n\t\t<div class=\"elementor-element elementor-element-52baae3 e-con-full e-flex e-con e-child\" data-id=\"52baae3\" data-element_type=\"container\">\n\t\t\t\t<div class=\"elementor-element elementor-element-6f3d7fc elementor-widget-tablet__width-inherit elementor-widget elementor-widget-heading\" data-id=\"6f3d7fc\" data-element_type=\"widget\" data-widget_type=\"heading.default\">\n\t\t\t\t<div class=\"elementor-widget-container\">\n\t\t\t\t\t<h1 class=\"elementor-heading-title elementor-size-default\">Da noi succede sempre qualcosa<\/h1>\t\t\t\t<\/div>\n\t\t\t\t<\/div>\n\t\t\t\t<div class=\"elementor-element elementor-element-52ff22d elementor-widget elementor-widget-text-editor\" data-id=\"52ff22d\" data-element_type=\"widget\" data-widget_type=\"text-editor.default\">\n\t\t\t\t<div class=\"elementor-widget-container\">\n\t\t\t\t\t\t\t\t\t<p>Vuoi rimanere aggiornato? Segui le nostre notizie. Scopri tutti gli eventi in programma e tutto ci\u00f2 che di importante accade alla Scuola Italiana di Praga.<\/p>\t\t\t\t\t\t\t\t<\/div>\n\t\t\t\t<\/div>\n\t\t\t\t<\/div>\n\t\t<div class=\"elementor-element elementor-element-092c566 e-con-full e-flex e-con e-child\" data-id=\"092c566\" data-element_type=\"container\">\n\t\t\t\t<div class=\"elementor-element elementor-element-d9e6377 elementor-hidden-tablet elementor-hidden-mobile elementor-widget elementor-widget-image\" data-id=\"d9e6377\" data-element_type=\"widget\" data-widget_type=\"image.default\">\n\t\t\t\t<div class=\"elementor-widget-container\">\n\t\t\t\t\t\t\t\t\t\t\t\t\t\t\t<img fetchpriority=\"high\" decoding=\"async\" width=\"900\" height=\"760\" src=\"https:\/\/scuolaitaliana.cz\/wp-content\/uploads\/2025\/09\/Foto.webp\" class=\"attachment-large size-large wp-image-1123\" alt=\"\" srcset=\"https:\/\/scuolaitaliana.cz\/wp-content\/uploads\/2025\/09\/Foto.webp 900w, https:\/\/scuolaitaliana.cz\/wp-content\/uploads\/2025\/09\/Foto-300x253.webp 300w, https:\/\/scuolaitaliana.cz\/wp-content\/uploads\/2025\/09\/Foto-768x649.webp 768w, https:\/\/scuolaitaliana.cz\/wp-content\/uploads\/2025\/09\/Foto-14x12.webp 14w\" sizes=\"(max-width: 900px) 100vw, 900px\" \/>\t\t\t\t\t\t\t\t\t\t\t\t\t\t\t<\/div>\n\t\t\t\t<\/div>\n\t\t\t\t<\/div>\n\t\t\t\t\t<\/div>\n\t\t\t\t<\/div>\n\t\t<div class=\"elementor-element elementor-element-e6ea308 e-flex e-con-boxed e-con e-parent\" data-id=\"e6ea308\" data-element_type=\"container\">\n\t\t\t\t\t<div class=\"e-con-inner\">\n\t\t\t\t<div class=\"elementor-element elementor-element-6eb4454 elementor-widget elementor-widget-shortcode\" data-id=\"6eb4454\" data-element_type=\"widget\" data-widget_type=\"shortcode.default\">\n\t\t\t\t<div class=\"elementor-widget-container\">\n\t\t\t\t\t\t\t<div class=\"elementor-shortcode\">    <div class=\"eps-slider\">\r\n        <div class=\"eps-slider-track\">\r\n                            <article class=\"eps-slide\">\r\n                                            <div class=\"eps-thumb\">\r\n                            <img decoding=\"async\" width=\"300\" height=\"151\" src=\"https:\/\/scuolaitaliana.cz\/wp-content\/uploads\/2025\/03\/FOTO-D-300x151.jpg\" class=\"attachment-medium size-medium wp-post-image\" alt=\"\" srcset=\"https:\/\/scuolaitaliana.cz\/wp-content\/uploads\/2025\/03\/FOTO-D-300x151.jpg 300w, https:\/\/scuolaitaliana.cz\/wp-content\/uploads\/2025\/03\/FOTO-D-1024x515.jpg 1024w, https:\/\/scuolaitaliana.cz\/wp-content\/uploads\/2025\/03\/FOTO-D-768x386.jpg 768w, https:\/\/scuolaitaliana.cz\/wp-content\/uploads\/2025\/03\/FOTO-D-1536x772.jpg 1536w, https:\/\/scuolaitaliana.cz\/wp-content\/uploads\/2025\/03\/FOTO-D-2048x1029.jpg 2048w, https:\/\/scuolaitaliana.cz\/wp-content\/uploads\/2025\/03\/FOTO-D-18x9.jpg 18w, https:\/\/scuolaitaliana.cz\/wp-content\/uploads\/2025\/03\/FOTO-D-scaled-e1769425616653.jpg 600w\" sizes=\"(max-width: 300px) 100vw, 300px\" \/>                        <\/div>\r\n                    \r\n                    <h3 class=\"eps-title\">\r\n                        <a href=\"https:\/\/scuolaitaliana.cz\/it\/vypsali-jsme-kurzy-na-skolni-rok-2025-2026\/\">\r\n                            Sono pronte le lezioni per l'anno scolastico 2025\/2026                        <\/a>\r\n                    <\/h3>\r\n\r\n                    <div class=\"eps-excerpt\">\r\n                        <p>Abbiamo preparato i corsi per il nuovo anno scolastico. Per iscrivere i vostri figli potete utilizzare il modulo d'iscrizione che trovate qui sulle nostre pagine. Come sempre non vediamo l'ora di accogliere i vostri bambini.<\/p>\n<p>La vostra scuola italiana<\/p>\n                    <\/div>\r\n                <\/article>\r\n                            <article class=\"eps-slide\">\r\n                                            <div class=\"eps-thumb\">\r\n                            <img decoding=\"async\" width=\"224\" height=\"300\" src=\"https:\/\/scuolaitaliana.cz\/wp-content\/uploads\/2026\/02\/Screenshot-2026-02-09-155244-224x300.png\" class=\"attachment-medium size-medium wp-post-image\" alt=\"\" srcset=\"https:\/\/scuolaitaliana.cz\/wp-content\/uploads\/2026\/02\/Screenshot-2026-02-09-155244-224x300.png 224w, https:\/\/scuolaitaliana.cz\/wp-content\/uploads\/2026\/02\/Screenshot-2026-02-09-155244-9x12.png 9w, https:\/\/scuolaitaliana.cz\/wp-content\/uploads\/2026\/02\/Screenshot-2026-02-09-155244-e1770649397650.png 350w\" sizes=\"(max-width: 224px) 100vw, 224px\" \/>                        <\/div>\r\n                    \r\n                    <h3 class=\"eps-title\">\r\n                        <a href=\"https:\/\/scuolaitaliana.cz\/it\/karneval\/\">\r\n                            Carnevale                        <\/a>\r\n                    <\/h3>\r\n\r\n                    <div class=\"eps-excerpt\">\r\n                        <p>Festa di Carnevale per bambini. \ud83c\udfad \ud83c\udf89\ud83d\ude00\ud83e\udd73\ud83c\uddee\ud83c\uddf9\ud83c\udde8\ud83c\uddff<br \/>\nVolete trascorrere con noi un bellissimo pomeriggio festeggiando il carnevale?<br \/>\nDomenica 15 febbraio dalle ore 15:00 presso DNM Vocelova 602\/3 Praga 2.<br \/>\nPer ulteriori informazioni scrivete e prenotate all'indirizzo info@scuolaitaliana.cz<br \/>\nLa vostra scuola italiana<\/p>\n                    <\/div>\r\n                <\/article>\r\n                    <\/div>\r\n    <\/div>\r\n    <\/div>\n\t\t\t\t\t\t<\/div>\n\t\t\t\t<\/div>\n\t\t\t\t\t<\/div>\n\t\t\t\t<\/div>\n\t\t\t\t<\/div>","protected":false},"excerpt":{"rendered":"<p>St\u00e1le se u n\u00e1s n\u011bco d\u011bje Chcete z\u016fstat st\u00e1le v obraze. Sledujte na\u0161e novinky. Dozv\u00edte se o v\u0161ech napl\u00e1novan\u00fdch akc\u00edch a o v\u0161em d\u016fle\u017eit\u00e9m se v Scuola Italiana di Praga ud\u00e1lo.<\/p>","protected":false},"author":1,"featured_media":0,"parent":0,"menu_order":0,"comment_status":"closed","ping_status":"closed","template":"elementor_header_footer","meta":{"footnotes":""},"class_list":["post-592","page","type-page","status-publish","hentry","entry","has-media"],"_links":{"self":[{"href":"https:\/\/scuolaitaliana.cz\/it\/wp-json\/wp\/v2\/pages\/592","targetHints":{"allow":["GET"]}}],"collection":[{"href":"https:\/\/scuolaitaliana.cz\/it\/wp-json\/wp\/v2\/pages"}],"about":[{"href":"https:\/\/scuolaitaliana.cz\/it\/wp-json\/wp\/v2\/types\/page"}],"author":[{"embeddable":true,"href":"https:\/\/scuolaitaliana.cz\/it\/wp-json\/wp\/v2\/users\/1"}],"replies":[{"embeddable":true,"href":"https:\/\/scuolaitaliana.cz\/it\/wp-json\/wp\/v2\/comments?post=592"}],"version-history":[{"count":53,"href":"https:\/\/scuolaitaliana.cz\/it\/wp-json\/wp\/v2\/pages\/592\/revisions"}],"predecessor-version":[{"id":1186,"href":"https:\/\/scuolaitaliana.cz\/it\/wp-json\/wp\/v2\/pages\/592\/revisions\/1186"}],"wp:attachment":[{"href":"https:\/\/scuolaitaliana.cz\/it\/wp-json\/wp\/v2\/media?parent=592"}],"curies":[{"name":"wp","href":"https:\/\/api.w.org\/{rel}","templated":true}]}}